{"id":735,"date":"2023-01-13T09:40:38","date_gmt":"2023-01-13T09:40:38","guid":{"rendered":"https:\/\/www.duchovnihudba.cz\/?page_id=735"},"modified":"2023-06-01T08:55:01","modified_gmt":"2023-06-01T08:55:01","slug":"2023-hudba-pri-liturgii","status":"publish","type":"page","link":"https:\/\/www.duchovnihudba.cz\/index.php\/2023-hudba-pri-liturgii\/","title":{"rendered":"2023 &#8211; Hudba p\u0159i liturgii"},"content":{"rendered":"\n<p class=\"wp-block-paragraph\"><\/p>\n\n\n\n<p class=\"wp-block-paragraph\"><strong>30let plze\u0148sk\u00e9 diec\u00e9ze<\/strong><\/p>\n\n\n\n<p class=\"wp-block-paragraph\"><strong>27.5.2023 &#8211; PROGRAM:<\/strong><\/p>\n\n\n\n<p class=\"wp-block-paragraph\"><em>V\u00edt Janata<\/em> &#8211; Intr\u00e1da na t\u00e9ma p\u00edsn\u011b Ty jsi, Pane, v ka\u017ed\u00e9m chr\u00e1m\u011b pro smy\u010dcov\u00fd kvartet, 2 trubky, tymp\u00e1ny a varhany<\/p>\n\n\n\n<p class=\"wp-block-paragraph\"><em>Proprium<\/em> &#8211; zp\u011bv v pod\u00e1n\u00ed spojen\u00fdch p\u011bveck\u00fdch sbor\u016f plze\u0148sk\u00e9 diec\u00e9ze &#8211; <\/p>\n\n\n\n<ul class=\"wp-block-list\">\n<li>G. F. H\u00e4ndel &#8211; Alleluja     <\/li>\n\n\n\n<li>W. Jacob &#8211; Beati<\/li>\n\n\n\n<li>W.A. Mozart &#8211; Ave verum<\/li>\n\n\n\n<li>M. Durufl\u00e9 &#8211; Ubi caritas<\/li>\n\n\n\n<li>J. Arcadelt &#8211; Ave Maria<\/li>\n\n\n\n<li>M. Haugen &#8211; Amen<br><\/li>\n<\/ul>\n\n\n\n<p class=\"wp-block-paragraph\"><strong>31.05.2023 &#8211; PROGRAM:<\/strong><\/p>\n\n\n\n<p class=\"wp-block-paragraph\"><em>Martin Moudr\u00fd<\/em> &#8211; Slavnostn\u00ed intr\u00e1da pro dv\u011b trubky. tymp\u00e1ny a varhany<\/p>\n\n\n\n<p class=\"wp-block-paragraph\">Spojen\u00e9 d\u011btsk\u00e9 sbory &#8211; <em>Zvony a Zvonky (ZU\u0160 Trhov\u00e9 Sviny) a \u0160pa\u010dci sv. Bartolom\u011bje (Plze\u0148)<\/em> &#8211; \u0159\u00eddil Ji\u0159\u00ed Balek, s\u00f3la Marie Balkov\u00e1, varhann\u00ed pozitiv Ale\u0161 Nosek:<\/p>\n\n\n\n<ul class=\"wp-block-list\">\n<li>Radek Rej\u0161ek &#8211; Latinsk\u00e9 loret\u00e1nsk\u00e9 litanie pro s\u00f3lo a d\u011btsk\u00fd sbor s doprovodem varhan<\/li>\n\n\n\n<li>M. Frisina &#8211; Anima Christi<\/li>\n\n\n\n<li>C. Franck &#8211; Dextera domoni<\/li>\n\n\n\n<li>J.S. Bach &#8211; Jesu bleibet<\/li>\n\n\n\n<li>Gregori\u00e1nsk\u00fd chor\u00e1l &#8211; Ave Maria<\/li>\n\n\n\n<li>A.X. Moudr\u00fd &#8211; Santa Maria<\/li>\n\n\n\n<li>F.L. Gaisne &#8211; Ave Maria<\/li>\n<\/ul>\n\n\n\n<figure class=\"wp-block-embed is-type-video is-provider-youtube wp-block-embed-youtube wp-embed-aspect-16-9 wp-has-aspect-ratio\"><div class=\"wp-block-embed__wrapper\">\n<iframe loading=\"lazy\" title=\"Hudba v den Plze\u0148sk\u00e9 Madony 31.5.2023\" width=\"525\" height=\"295\" src=\"https:\/\/www.youtube.com\/embed\/7OQXOgrotKk?feature=oembed\" frameborder=\"0\" allow=\"accelerometer; autoplay; clipboard-write; encrypted-media; gyroscope; picture-in-picture; web-share\" referrerpolicy=\"strict-origin-when-cross-origin\" allowfullscreen><\/iframe>\n<\/div><\/figure>\n\n\n\n<p class=\"wp-block-paragraph\"><\/p>\n\n\n\n<p class=\"wp-block-paragraph\"><\/p>\n\n\n\n<p class=\"wp-block-paragraph\"><\/p>\n\n\n\n<p class=\"wp-block-paragraph\"><\/p>\n\n\n\n<p class=\"wp-block-paragraph\"><strong>BO\u017d\u00cd HOD VELIKONO\u010cN\u00cd<\/strong><\/p>\n\n\n\n<p class=\"wp-block-paragraph\">Program:<\/p>\n\n\n\n<p class=\"wp-block-paragraph\">Martin Moudr\u00fd &#8211; Intr\u00e1da na t\u00e9ma p\u00edsn\u011b Hle, vstal\u0165 z mrtv\u00fdch Kristus P\u00e1n pro \u017ees\u0165ov\u00fd kvartet, tymp\u00e1ny a varhany<\/p>\n\n\n\n<p class=\"wp-block-paragraph\">Radek Rej\u0161ek &#8211; aran\u017ee p\u00edsn\u00ed pro d\u011btsk\u00fd sbor \u0160pa\u010dci sv. Bartolom\u011bje<\/p>\n\n\n\n<figure class=\"wp-block-embed is-type-video is-provider-youtube wp-block-embed-youtube wp-embed-aspect-16-9 wp-has-aspect-ratio\"><div class=\"wp-block-embed__wrapper\">\n<iframe loading=\"lazy\" title=\"\u0160pa\u010dci Plze\u0148 - Jitro sv\u00edt\u00e1, tma den v\u00edt\u00e1\" width=\"525\" height=\"295\" src=\"https:\/\/www.youtube.com\/embed\/y3LmjyWROng?feature=oembed\" frameborder=\"0\" allow=\"accelerometer; autoplay; clipboard-write; encrypted-media; gyroscope; picture-in-picture; web-share\" referrerpolicy=\"strict-origin-when-cross-origin\" allowfullscreen><\/iframe>\n<\/div><\/figure>\n\n\n\n<p class=\"wp-block-paragraph\"><\/p>\n\n\n\n<figure class=\"wp-block-embed is-type-video is-provider-youtube wp-block-embed-youtube wp-embed-aspect-16-9 wp-has-aspect-ratio\"><div class=\"wp-block-embed__wrapper\">\n<iframe loading=\"lazy\" title=\"\u0160pa\u010dci Plze\u0148 - \u00c1men\" width=\"525\" height=\"295\" src=\"https:\/\/www.youtube.com\/embed\/iyyK5N2dwP8?feature=oembed\" frameborder=\"0\" allow=\"accelerometer; autoplay; clipboard-write; encrypted-media; gyroscope; picture-in-picture; web-share\" referrerpolicy=\"strict-origin-when-cross-origin\" allowfullscreen><\/iframe>\n<\/div><\/figure>\n\n\n\n<p class=\"wp-block-paragraph\">&#8212;&#8212;&#8212;&#8212;&#8212;&#8212;&#8212;&#8212;&#8212;&#8212;&#8212;&#8212;&#8212;&#8212;&#8212;&#8212;&#8212;&#8212;&#8212;&#8212;&#8212;&#8212;&#8212;&#8212;&#8212;&#8212;&#8212;&#8212;&#8212;&#8212;&#8212;&#8212;&#8212;&#8212;&#8212;&#8212;&#8211;<\/p>\n\n\n\n<p class=\"wp-block-paragraph\"><\/p>\n\n\n\n<p class=\"wp-block-paragraph\">Max Reger &#8211; postludium &#8211; fuga na t\u00e9ma Halleluja, Gott zu loben<\/p>\n\n\n\n<p class=\"wp-block-paragraph\"><\/p>\n\n\n\n<p class=\"wp-block-paragraph\"><strong>GREGORI\u00c1NSK\u00dd CHOR\u00c1L P\u0158I M\u0160I<\/strong><\/p>\n\n\n\n<p class=\"wp-block-paragraph\">ne 26. 3. 2023 (5. n. postn\u00ed) 10:00 katedr\u00e1la Plze\u0148<\/p>\n\n\n\n<p class=\"wp-block-paragraph\">\u010dt 6. 4. 2023 (Missa Chrismatis \u2013 Zelen\u00fd \u010dtvrtek) 9:30 katedr\u00e1la Plze\u0148(?)<\/p>\n\n\n\n<p class=\"wp-block-paragraph\">ne 14. 5. 2023 (6. n. velikono\u010dn\u00ed) 10:00 katedr\u00e1la Plze\u0148<\/p>\n\n\n\n<p class=\"wp-block-paragraph\">ne 19. 11. 2023 (33. n. mezidob\u00ed) 10:00 katedr\u00e1la Plze\u0148<\/p>\n\n\n\n<p class=\"wp-block-paragraph\">ne 17. 12. 2023 (3. adventn\u00ed) 10:00 katedr\u00e1la Plze\u0148<\/p>\n","protected":false},"excerpt":{"rendered":"<p>30let plze\u0148sk\u00e9 diec\u00e9ze 27.5.2023 &#8211; PROGRAM: V\u00edt Janata &#8211; Intr\u00e1da na t\u00e9ma p\u00edsn\u011b Ty jsi, Pane, v ka\u017ed\u00e9m chr\u00e1m\u011b pro smy\u010dcov\u00fd kvartet, 2 trubky, tymp\u00e1ny a varhany Proprium &#8211; zp\u011bv v pod\u00e1n\u00ed spojen\u00fdch p\u011bveck\u00fdch sbor\u016f plze\u0148sk\u00e9 diec\u00e9ze &#8211; 31.05.2023 &#8211; PROGRAM: Martin Moudr\u00fd &#8211; Slavnostn\u00ed intr\u00e1da pro dv\u011b trubky. tymp\u00e1ny a varhany Spojen\u00e9 d\u011btsk\u00e9 sbory &hellip; <\/p>\n<p class=\"link-more\"><a href=\"https:\/\/www.duchovnihudba.cz\/index.php\/2023-hudba-pri-liturgii\/\" class=\"more-link\">Pokra\u010dovat ve \u010dten\u00ed<span class=\"screen-reader-text\"> &#8222;2023 &#8211; Hudba p\u0159i liturgii&#8220;<\/span><\/a><\/p>\n","protected":false},"author":1,"featured_media":0,"parent":0,"menu_order":0,"comment_status":"closed","ping_status":"closed","template":"","meta":{"footnotes":""},"class_list":["post-735","page","type-page","status-publish","hentry"],"_links":{"self":[{"href":"https:\/\/www.duchovnihudba.cz\/index.php\/wp-json\/wp\/v2\/pages\/735","targetHints":{"allow":["GET"]}}],"collection":[{"href":"https:\/\/www.duchovnihudba.cz\/index.php\/wp-json\/wp\/v2\/pages"}],"about":[{"href":"https:\/\/www.duchovnihudba.cz\/index.php\/wp-json\/wp\/v2\/types\/page"}],"author":[{"embeddable":true,"href":"https:\/\/www.duchovnihudba.cz\/index.php\/wp-json\/wp\/v2\/users\/1"}],"replies":[{"embeddable":true,"href":"https:\/\/www.duchovnihudba.cz\/index.php\/wp-json\/wp\/v2\/comments?post=735"}],"version-history":[{"count":20,"href":"https:\/\/www.duchovnihudba.cz\/index.php\/wp-json\/wp\/v2\/pages\/735\/revisions"}],"predecessor-version":[{"id":799,"href":"https:\/\/www.duchovnihudba.cz\/index.php\/wp-json\/wp\/v2\/pages\/735\/revisions\/799"}],"wp:attachment":[{"href":"https:\/\/www.duchovnihudba.cz\/index.php\/wp-json\/wp\/v2\/media?parent=735"}],"curies":[{"name":"wp","href":"https:\/\/api.w.org\/{rel}","templated":true}]}}