{"id":924,"date":"2024-05-02T05:15:08","date_gmt":"2024-05-02T05:15:08","guid":{"rendered":"https:\/\/www.duchovnihudba.cz\/?page_id=924"},"modified":"2024-05-02T05:15:08","modified_gmt":"2024-05-02T05:15:08","slug":"cerven","status":"publish","type":"page","link":"https:\/\/www.duchovnihudba.cz\/index.php\/cerven\/","title":{"rendered":"\u010cerven"},"content":{"rendered":"\n<p><em>Pozn\u00e1mka: Na m\u011bs\u00edc <\/em><em>\u010derven <\/em><em>obvykle p\u0159ipadaj\u00ed slavnosti Nejsv\u011bt\u011bj\u0161\u00ed Trojice, T\u011bla a Krve P\u00e1n\u011b a Nejsv\u00e9t\u011bj\u0161\u00edho Srdce Je\u017e\u00ed\u0161ova <\/em><em>&#8211; <\/em><em>k tomu v\u00edz. s. 27 <\/em><em>&#8211; <\/em><em>28.<\/em><\/p>\n\n\n\n<p><strong><em>6<\/em><\/strong><em>.&nbsp;&nbsp;&nbsp;&nbsp;&nbsp;&nbsp;&nbsp;&nbsp;&nbsp;&nbsp; Slav\u00ed-li se nez\u00e1vazn\u00e1 pam\u00e1tka <strong>sv. Norberta, <\/strong>biskupa<\/em><\/p>\n\n\n\n<p><strong>&#8211; 838\/16. <\/strong>sl.<\/p>\n\n\n\n<p><strong>15.<\/strong><em>&nbsp;&nbsp;&nbsp;&nbsp;&nbsp;&nbsp;&nbsp;&nbsp;&nbsp; Slav\u00ed-li <\/em><em>se <\/em><em>nez\u00e1vazn\u00e1 <\/em><em>pam\u00e1tka <strong>sv. <\/strong><\/em><strong><em>V\u00edta, <\/em><\/strong><em>mu\u010dedn\u00edka<\/em><\/p>\n\n\n\n<p><strong>&#8211; <\/strong><strong>838\/15. <\/strong>sl.<\/p>\n\n\n\n<p><strong>19.<\/strong><em>&nbsp;&nbsp;&nbsp;&nbsp;&nbsp;&nbsp;&nbsp;&nbsp;&nbsp; Slav\u00ed-li se nez\u00e1vazn\u00e1 pam\u00e1tka <strong>sv. Jana Nepomuck\u00e9ho Neumanna, <\/strong>biskupa <\/em><strong>&#8211; <\/strong><strong>838\/13. <\/strong>sl.<\/p>\n\n\n\n<p><strong>24.<\/strong>&nbsp;&nbsp;&nbsp;&nbsp;&nbsp;&nbsp;&nbsp;&nbsp;&nbsp; Slavnost <strong>Narozen\u00ed sv. Jana K\u0159titele<\/strong><\/p>\n\n\n\n<p><strong>-121*<\/strong><\/p>\n\n\n\n<p><strong>29.<\/strong>&nbsp;&nbsp;&nbsp;&nbsp;&nbsp;&nbsp;&nbsp;&nbsp;&nbsp; Slavnost <strong>sv. Petra <\/strong><strong>a <\/strong><strong>Pavla, <\/strong>apo\u0161tol\u016f<\/p>\n\n\n\n<p>&#8211; 827 &#8218;* (na z\u00e1v\u011br mo\u017eno 931)<\/p>\n\n\n\n<p><strong>30.<\/strong><em>&nbsp;&nbsp;&nbsp;&nbsp;&nbsp;&nbsp;&nbsp;&nbsp;&nbsp; V olomouck\u00e9 arcidiec\u00e9zi:<\/em> V\u00fdro\u010d\u00ed posv\u011bcen\u00ed katedr\u00e1ly<\/p>\n\n\n\n<p><strong>&#8211; 917, 918<\/strong><\/p>\n\n\n\n<p>* OL t\u00e9\u017e 893, 894 * HK t\u00e9\u017e 891<\/p>\n","protected":false},"excerpt":{"rendered":"<p>Pozn\u00e1mka: Na m\u011bs\u00edc \u010derven obvykle p\u0159ipadaj\u00ed slavnosti Nejsv\u011bt\u011bj\u0161\u00ed Trojice, T\u011bla a Krve P\u00e1n\u011b a Nejsv\u00e9t\u011bj\u0161\u00edho Srdce Je\u017e\u00ed\u0161ova &#8211; k tomu v\u00edz. s. 27 &#8211; 28. 6.&nbsp;&nbsp;&nbsp;&nbsp;&nbsp;&nbsp;&nbsp;&nbsp;&nbsp;&nbsp; Slav\u00ed-li se nez\u00e1vazn\u00e1 pam\u00e1tka sv. Norberta, biskupa &#8211; 838\/16. sl. 15.&nbsp;&nbsp;&nbsp;&nbsp;&nbsp;&nbsp;&nbsp;&nbsp;&nbsp; Slav\u00ed-li se nez\u00e1vazn\u00e1 pam\u00e1tka sv. V\u00edta, mu\u010dedn\u00edka &#8211; 838\/15. sl. 19.&nbsp;&nbsp;&nbsp;&nbsp;&nbsp;&nbsp;&nbsp;&nbsp;&nbsp; Slav\u00ed-li se nez\u00e1vazn\u00e1 pam\u00e1tka sv. Jana Nepomuck\u00e9ho &hellip; <\/p>\n<p class=\"link-more\"><a href=\"https:\/\/www.duchovnihudba.cz\/index.php\/cerven\/\" class=\"more-link\">Pokra\u010dovat ve \u010dten\u00ed<span class=\"screen-reader-text\"> &#8222;\u010cerven&#8220;<\/span><\/a><\/p>\n","protected":false},"author":1,"featured_media":0,"parent":0,"menu_order":0,"comment_status":"closed","ping_status":"closed","template":"","meta":{"footnotes":""},"class_list":["post-924","page","type-page","status-publish","hentry"],"_links":{"self":[{"href":"https:\/\/www.duchovnihudba.cz\/index.php\/wp-json\/wp\/v2\/pages\/924","targetHints":{"allow":["GET"]}}],"collection":[{"href":"https:\/\/www.duchovnihudba.cz\/index.php\/wp-json\/wp\/v2\/pages"}],"about":[{"href":"https:\/\/www.duchovnihudba.cz\/index.php\/wp-json\/wp\/v2\/types\/page"}],"author":[{"embeddable":true,"href":"https:\/\/www.duchovnihudba.cz\/index.php\/wp-json\/wp\/v2\/users\/1"}],"replies":[{"embeddable":true,"href":"https:\/\/www.duchovnihudba.cz\/index.php\/wp-json\/wp\/v2\/comments?post=924"}],"version-history":[{"count":1,"href":"https:\/\/www.duchovnihudba.cz\/index.php\/wp-json\/wp\/v2\/pages\/924\/revisions"}],"predecessor-version":[{"id":925,"href":"https:\/\/www.duchovnihudba.cz\/index.php\/wp-json\/wp\/v2\/pages\/924\/revisions\/925"}],"wp:attachment":[{"href":"https:\/\/www.duchovnihudba.cz\/index.php\/wp-json\/wp\/v2\/media?parent=924"}],"curies":[{"name":"wp","href":"https:\/\/api.w.org\/{rel}","templated":true}]}}