{"id":951,"date":"2024-05-24T16:58:00","date_gmt":"2024-05-24T16:58:00","guid":{"rendered":"https:\/\/www.duchovnihudba.cz\/?page_id=951"},"modified":"2024-05-24T16:58:00","modified_gmt":"2024-05-24T16:58:00","slug":"svatosti-a-dalsi-bohosluzby","status":"publish","type":"page","link":"https:\/\/www.duchovnihudba.cz\/index.php\/svatosti-a-dalsi-bohosluzby\/","title":{"rendered":"<strong>SV\u00c1TOSTI A DAL\u0160\u00cd BOHOSLU\u017dBY<\/strong>"},"content":{"rendered":"\n<p><strong>K\u0159est <\/strong>se kon\u00e1 obvykle mimo m\u0161i; pou\u017eijeme <strong>906. <\/strong>Kon\u00e1-li se p\u0159i m\u0161i, je formul\u00e1\u0159 a tedy i p\u00edsn\u011b z p\u0159\u00edslu\u0161n\u00e9ho dne; v ned\u011bli nen\u00ed V\u011b\u0159\u00edm. P\u0159i vlastn\u00edm me\u0161n\u00edm formul\u00e1\u0159i se vhodn\u00fdm zp\u016fsobem pou\u017eije <strong>906.<\/strong><\/p>\n\n\n\n<p>V ned\u011ble adventn\u00ed, postn\u00ed, velikono\u010dn\u00ed, na slavnosti, na Popele\u010dn\u00ed st\u0159edu a ve Svat\u00e9m t\u00fddnu mus\u00ed b\u00fdt me\u0161n\u00ed formul\u00e1\u0159 z t\u011bchto dn\u016f, nesm\u00ed b\u00fdt formul\u00e1\u0159 nap\u0159. k bi\u0159mov\u00e1n\u00ed, pomaz\u00e1n\u00ed nemocn\u00fdch, svatebn\u00ed, poh\u0159ebn\u00ed. Toto mus\u00ed respektovat i v\u00fdb\u011br p\u00edsn\u00ed a hudby k t\u011bmto m\u0161\u00edm; nap\u0159. p\u0159i poh\u0159ebn\u00ed m\u0161i na adventn\u00ed ned\u011bli se mus\u00ed zp\u00edvat p\u00edsn\u011b adventn\u00ed, nikoliv za zem\u0159el\u00e9.<\/p>\n\n\n\n<p><strong>Bi\u0159mov\u00e1n\u00ed <\/strong>je pravideln\u011b ve m\u0161i. P\u0159i vlastn\u00edm formul\u00e1\u0159i zp\u00edv\u00e1me <strong>421, 424, 425. <\/strong>P\u0159i maz\u00e1n\u00ed k\u0159i\u017e\u00admem <strong>422, 423. <\/strong>V ned\u011bli a slavnosti nen\u00ed V\u011b\u0159\u00edm, ve v\u0161edn\u00ed dny ani Sl\u00e1va.<\/p>\n\n\n\n<p>P\u0159i hromadn\u00e9m ud\u011blov\u00e1n\u00ed <strong>pomaz\u00e1n\u00ed nemoc\u00adn\u00fdch <\/strong>zp\u00edv\u00e1me <strong>525, <\/strong>jinak p\u00edsn\u011b podle liturgick\u00e9 doby. P\u0159i vkl\u00e1d\u00e1n\u00ed rukou &#8211; symbol p\u016fsoben\u00ed Ducha Svat\u00e9ho &#8211; <strong>422,423.<\/strong><\/p>\n\n\n\n<p>P\u0159i <strong>svatebn\u00ed m\u0161i <\/strong>zp\u00edv\u00e1me <strong>916 <\/strong>a db\u00e1me na to, aby p\u0159\u00edpadn\u00e9 vlo\u017eky nebyly vylo\u017een\u011b hudba sv\u011btsk\u00e1.<\/p>\n\n\n\n<p>P\u0159i <strong>poh\u0159ebn\u00ed <\/strong>m\u0161i zp\u00edv\u00e1me <strong>921, 923, 925; <\/strong>p\u00edsn\u011b <strong>922, 924, 926 <\/strong>na vhodn\u00fdch m\u00edstech po\u00adh\u0159ebn\u00edho ob\u0159adu.<\/p>\n\n\n\n<p>P\u0159i <strong>bohoslu\u017eb\u011b slova <\/strong>z\u00e1sadn\u011b nepou\u017e\u00edv\u00e1me me\u0161n\u00ed p\u00edsn\u011b. Pou\u017e\u00edv\u00e1me p\u00edsn\u011b z liturgick\u00e9 doby, p\u0159\u00edle\u017eitostn\u00e9 a k sv\u00e1t\u00fdm; k p\u0159\u00edpadn\u00e9 eucharistick\u00e9 adoraci resp. p\u0159ij\u00edm\u00e1n\u00ed t\u011bla Kristova p\u0159\u00edslu\u0161n\u00e9 p\u00edsn\u011b o P\u00e1nu Je\u017e\u00ed\u0161i.<\/p>\n\n\n\n<p>Pro jakoukoliv bohoslu\u017ebu, p\u0159i kter\u00e9 se p\u0159in\u00e1\u0161\u00ed ze svatost\u00e1nku t\u011blo Kristovo, plat\u00ed tato z\u00e1sada: Od chv\u00edle, kdy se svatost\u00e1nek otev\u0159e, do chv\u00edle, kdy se zav\u0159e, se nezp\u00edv\u00e1 pop\u0159. na varhany nehraje nic jin\u00e9ho, ne\u017e eucharistick\u00e9 p\u00edsn\u011b a zp\u011bvy.<\/p>\n","protected":false},"excerpt":{"rendered":"<p>K\u0159est se kon\u00e1 obvykle mimo m\u0161i; pou\u017eijeme 906. Kon\u00e1-li se p\u0159i m\u0161i, je formul\u00e1\u0159 a tedy i p\u00edsn\u011b z p\u0159\u00edslu\u0161n\u00e9ho dne; v ned\u011bli nen\u00ed V\u011b\u0159\u00edm. P\u0159i vlastn\u00edm me\u0161n\u00edm formul\u00e1\u0159i se vhodn\u00fdm zp\u016fsobem pou\u017eije 906. V ned\u011ble adventn\u00ed, postn\u00ed, velikono\u010dn\u00ed, na slavnosti, na Popele\u010dn\u00ed st\u0159edu a ve Svat\u00e9m t\u00fddnu mus\u00ed b\u00fdt me\u0161n\u00ed formul\u00e1\u0159 z t\u011bchto dn\u016f, &hellip; <\/p>\n<p class=\"link-more\"><a href=\"https:\/\/www.duchovnihudba.cz\/index.php\/svatosti-a-dalsi-bohosluzby\/\" class=\"more-link\">Pokra\u010dovat ve \u010dten\u00ed<span class=\"screen-reader-text\"> &#8222;<strong>SV\u00c1TOSTI A DAL\u0160\u00cd BOHOSLU\u017dBY<\/strong>&#8222;<\/span><\/a><\/p>\n","protected":false},"author":1,"featured_media":0,"parent":0,"menu_order":0,"comment_status":"closed","ping_status":"closed","template":"","meta":{"footnotes":""},"class_list":["post-951","page","type-page","status-publish","hentry"],"_links":{"self":[{"href":"https:\/\/www.duchovnihudba.cz\/index.php\/wp-json\/wp\/v2\/pages\/951","targetHints":{"allow":["GET"]}}],"collection":[{"href":"https:\/\/www.duchovnihudba.cz\/index.php\/wp-json\/wp\/v2\/pages"}],"about":[{"href":"https:\/\/www.duchovnihudba.cz\/index.php\/wp-json\/wp\/v2\/types\/page"}],"author":[{"embeddable":true,"href":"https:\/\/www.duchovnihudba.cz\/index.php\/wp-json\/wp\/v2\/users\/1"}],"replies":[{"embeddable":true,"href":"https:\/\/www.duchovnihudba.cz\/index.php\/wp-json\/wp\/v2\/comments?post=951"}],"version-history":[{"count":1,"href":"https:\/\/www.duchovnihudba.cz\/index.php\/wp-json\/wp\/v2\/pages\/951\/revisions"}],"predecessor-version":[{"id":952,"href":"https:\/\/www.duchovnihudba.cz\/index.php\/wp-json\/wp\/v2\/pages\/951\/revisions\/952"}],"wp:attachment":[{"href":"https:\/\/www.duchovnihudba.cz\/index.php\/wp-json\/wp\/v2\/media?parent=951"}],"curies":[{"name":"wp","href":"https:\/\/api.w.org\/{rel}","templated":true}]}}